{"version":"1.0","provider_name":"R\u00e9gine Datin Photographie","provider_url":"https:\/\/reginedatin.com","author_name":"R\u00e9gine","author_url":"https:\/\/reginedatin.com\/index.php\/author\/admin7448\/","title":"Jardin Eph\u00e9m\u00e8re, Nancy 2016 &#171; R\u00e9gine Datin Photographie","type":"rich","width":600,"height":338,"html":"<blockquote class=\"wp-embedded-content\" data-secret=\"upxTsCIMm5\"><a href=\"https:\/\/reginedatin.com\/index.php\/2016\/10\/05\/jardin-ephemere-nancy-2016\/\">Jardin Eph\u00e9m\u00e8re, Nancy 2016<\/a><\/blockquote><iframe sandbox=\"allow-scripts\" security=\"restricted\" src=\"https:\/\/reginedatin.com\/index.php\/2016\/10\/05\/jardin-ephemere-nancy-2016\/embed\/#?secret=upxTsCIMm5\" width=\"600\" height=\"338\" title=\"\u00ab\u00a0Jardin Eph\u00e9m\u00e8re, Nancy 2016\u00a0\u00bb &#8212; R\u00e9gine Datin Photographie\" data-secret=\"upxTsCIMm5\" frameborder=\"0\" marginwidth=\"0\" marginheight=\"0\" scrolling=\"no\" class=\"wp-embedded-content\"><\/iframe><script type=\"text\/javascript\">\n\/* <![CDATA[ *\/\n\/*! This file is auto-generated *\/\n!function(d,l){\"use strict\";l.querySelector&&d.addEventListener&&\"undefined\"!=typeof URL&&(d.wp=d.wp||{},d.wp.receiveEmbedMessage||(d.wp.receiveEmbedMessage=function(e){var t=e.data;if((t||t.secret||t.message||t.value)&&!\/[^a-zA-Z0-9]\/.test(t.secret)){for(var s,r,n,a=l.querySelectorAll('iframe[data-secret=\"'+t.secret+'\"]'),o=l.querySelectorAll('blockquote[data-secret=\"'+t.secret+'\"]'),c=new RegExp(\"^https?:$\",\"i\"),i=0;i<o.length;i++)o[i].style.display=\"none\";for(i=0;i<a.length;i++)s=a[i],e.source===s.contentWindow&&(s.removeAttribute(\"style\"),\"height\"===t.message?(1e3<(r=parseInt(t.value,10))?r=1e3:~~r<200&&(r=200),s.height=r):\"link\"===t.message&&(r=new URL(s.getAttribute(\"src\")),n=new URL(t.value),c.test(n.protocol))&&n.host===r.host&&l.activeElement===s&&(d.top.location.href=t.value))}},d.addEventListener(\"message\",d.wp.receiveEmbedMessage,!1),l.addEventListener(\"DOMContentLoaded\",function(){for(var e,t,s=l.querySelectorAll(\"iframe.wp-embedded-content\"),r=0;r<s.length;r++)(t=(e=s[r]).getAttribute(\"data-secret\"))||(t=Math.random().toString(36).substring(2,12),e.src+=\"#?secret=\"+t,e.setAttribute(\"data-secret\",t)),e.contentWindow.postMessage({message:\"ready\",secret:t},\"*\")},!1)))}(window,document);\n\/\/# sourceURL=https:\/\/reginedatin.com\/wp-includes\/js\/wp-embed.min.js\n\/* ]]> *\/\n<\/script>\n","description":"Cette ann\u00e9e, le jardin \u00e9ph\u00e9m\u00e8re a pour th\u00e8me : \u00ab\u00a0Stan, royal jardinier\u00a0\u00bb &#8211; et ceci, \u00e0 l&rsquo;occasion du 250\u00e8me anniversaire de la mort de Stanislas le bienfaisant et du rattachement de la Lorraine \u00e0 la France. Cette nouvelle configuration du jardin d\u00e9crit quinze sc\u00e8nes v\u00e9g\u00e9tales \u00e9voquant la personnalit\u00e9, les go\u00fbts et la destin\u00e9e du dernier duc de Lorraine et de Bar. Et, m\u00eame \u00e9ph\u00e9m\u00e8re, ce jardin n\u00e9cessite une attention et des soins particuliers, pour exister et nous enchanter, durant 1 [&hellip;]"}