{"version":"1.0","provider_name":"R\u00e9gine Datin Photographie","provider_url":"https:\/\/reginedatin.com","author_name":"R\u00e9gine","author_url":"https:\/\/reginedatin.com\/index.php\/author\/admin7448\/","title":"Empreinte - Jardin \u00c9ph\u00e9m\u00e8re Nancy 2019 &#171; R\u00e9gine Datin Photographie","type":"rich","width":600,"height":338,"html":"<blockquote class=\"wp-embedded-content\" data-secret=\"FIWMgkZ5Ji\"><a href=\"https:\/\/reginedatin.com\/index.php\/2019\/10\/26\/empreinte-jardin-ephemere-nancy-2019\/\">Empreinte &#8211; Jardin \u00c9ph\u00e9m\u00e8re Nancy 2019<\/a><\/blockquote><iframe sandbox=\"allow-scripts\" security=\"restricted\" src=\"https:\/\/reginedatin.com\/index.php\/2019\/10\/26\/empreinte-jardin-ephemere-nancy-2019\/embed\/#?secret=FIWMgkZ5Ji\" width=\"600\" height=\"338\" title=\"\u00ab\u00a0Empreinte &#8211; Jardin \u00c9ph\u00e9m\u00e8re Nancy 2019\u00a0\u00bb &#8212; R\u00e9gine Datin Photographie\" data-secret=\"FIWMgkZ5Ji\" frameborder=\"0\" marginwidth=\"0\" marginheight=\"0\" scrolling=\"no\" class=\"wp-embedded-content\"><\/iframe><script type=\"text\/javascript\">\n\/* <![CDATA[ *\/\n\/*! This file is auto-generated *\/\n!function(d,l){\"use strict\";l.querySelector&&d.addEventListener&&\"undefined\"!=typeof URL&&(d.wp=d.wp||{},d.wp.receiveEmbedMessage||(d.wp.receiveEmbedMessage=function(e){var t=e.data;if((t||t.secret||t.message||t.value)&&!\/[^a-zA-Z0-9]\/.test(t.secret)){for(var s,r,n,a=l.querySelectorAll('iframe[data-secret=\"'+t.secret+'\"]'),o=l.querySelectorAll('blockquote[data-secret=\"'+t.secret+'\"]'),c=new RegExp(\"^https?:$\",\"i\"),i=0;i<o.length;i++)o[i].style.display=\"none\";for(i=0;i<a.length;i++)s=a[i],e.source===s.contentWindow&&(s.removeAttribute(\"style\"),\"height\"===t.message?(1e3<(r=parseInt(t.value,10))?r=1e3:~~r<200&&(r=200),s.height=r):\"link\"===t.message&&(r=new URL(s.getAttribute(\"src\")),n=new URL(t.value),c.test(n.protocol))&&n.host===r.host&&l.activeElement===s&&(d.top.location.href=t.value))}},d.addEventListener(\"message\",d.wp.receiveEmbedMessage,!1),l.addEventListener(\"DOMContentLoaded\",function(){for(var e,t,s=l.querySelectorAll(\"iframe.wp-embedded-content\"),r=0;r<s.length;r++)(t=(e=s[r]).getAttribute(\"data-secret\"))||(t=Math.random().toString(36).substring(2,12),e.src+=\"#?secret=\"+t,e.setAttribute(\"data-secret\",t)),e.contentWindow.postMessage({message:\"ready\",secret:t},\"*\")},!1)))}(window,document);\n\/\/# sourceURL=https:\/\/reginedatin.com\/wp-includes\/js\/wp-embed.min.js\n\/* ]]> *\/\n<\/script>\n","thumbnail_url":"https:\/\/reginedatin.com\/wp-content\/uploads\/2019\/10\/Jardins-Eph\u00e9m\u00e8res-Empreinte-2019-1400px-8896.jpg","thumbnail_width":1399,"thumbnail_height":934,"description":"Fl\u00e2nerie et pause Place Stanislas. Nouvelle \u00e9dition du Jardin \u00c9ph\u00e9m\u00e8re \u00e0 Nancy. Il y pose, cette ann\u00e9e, son \u00ab\u00a0Empreinte\u00a0\u00bb du 28 septembre au 3 novembre, pour sa 16\u00e8me saison. R\u00e9alisation des jardiniers de la ville, il explore, aux pieds du bon roi Stanislas, les rapports entre la Nature et l&rsquo;Homme, et la responsabilisation de ce dernier au d\u00e9but de ce si\u00e8cle. Laissez vos pas vous porter et vous guider au c\u0153ur de la ligne de vie et, des 5 doigts [&hellip;]"}