{"version":"1.0","provider_name":"R\u00e9gine Datin Photographie","provider_url":"https:\/\/reginedatin.com","author_name":"R\u00e9gine","author_url":"https:\/\/reginedatin.com\/index.php\/author\/admin7448\/","title":"Chemin de traverses - Site Alstom - Nancy &#171; R\u00e9gine Datin Photographie","type":"rich","width":600,"height":338,"html":"<blockquote class=\"wp-embedded-content\" data-secret=\"nGZlQV8OJd\"><a href=\"https:\/\/reginedatin.com\/index.php\/2021\/06\/18\/chemin-de-traverses-site-alstom-nancy\/\">Chemin de traverses &#8211; Site Alstom &#8211; Nancy<\/a><\/blockquote><iframe sandbox=\"allow-scripts\" security=\"restricted\" src=\"https:\/\/reginedatin.com\/index.php\/2021\/06\/18\/chemin-de-traverses-site-alstom-nancy\/embed\/#?secret=nGZlQV8OJd\" width=\"600\" height=\"338\" title=\"\u00ab\u00a0Chemin de traverses &#8211; Site Alstom &#8211; Nancy\u00a0\u00bb &#8212; R\u00e9gine Datin Photographie\" data-secret=\"nGZlQV8OJd\" frameborder=\"0\" marginwidth=\"0\" marginheight=\"0\" scrolling=\"no\" class=\"wp-embedded-content\"><\/iframe><script type=\"text\/javascript\">\n\/* <![CDATA[ *\/\n\/*! This file is auto-generated *\/\n!function(d,l){\"use strict\";l.querySelector&&d.addEventListener&&\"undefined\"!=typeof URL&&(d.wp=d.wp||{},d.wp.receiveEmbedMessage||(d.wp.receiveEmbedMessage=function(e){var t=e.data;if((t||t.secret||t.message||t.value)&&!\/[^a-zA-Z0-9]\/.test(t.secret)){for(var s,r,n,a=l.querySelectorAll('iframe[data-secret=\"'+t.secret+'\"]'),o=l.querySelectorAll('blockquote[data-secret=\"'+t.secret+'\"]'),c=new RegExp(\"^https?:$\",\"i\"),i=0;i<o.length;i++)o[i].style.display=\"none\";for(i=0;i<a.length;i++)s=a[i],e.source===s.contentWindow&&(s.removeAttribute(\"style\"),\"height\"===t.message?(1e3<(r=parseInt(t.value,10))?r=1e3:~~r<200&&(r=200),s.height=r):\"link\"===t.message&&(r=new URL(s.getAttribute(\"src\")),n=new URL(t.value),c.test(n.protocol))&&n.host===r.host&&l.activeElement===s&&(d.top.location.href=t.value))}},d.addEventListener(\"message\",d.wp.receiveEmbedMessage,!1),l.addEventListener(\"DOMContentLoaded\",function(){for(var e,t,s=l.querySelectorAll(\"iframe.wp-embedded-content\"),r=0;r<s.length;r++)(t=(e=s[r]).getAttribute(\"data-secret\"))||(t=Math.random().toString(36).substring(2,12),e.src+=\"#?secret=\"+t,e.setAttribute(\"data-secret\",t)),e.contentWindow.postMessage({message:\"ready\",secret:t},\"*\")},!1)))}(window,document);\n\/\/# sourceURL=https:\/\/reginedatin.com\/wp-includes\/js\/wp-embed.min.js\n\/* ]]> *\/\n<\/script>\n","thumbnail_url":"https:\/\/reginedatin.com\/wp-content\/uploads\/2021\/06\/Le-long-de-la-voie-ferree-2021-193212.jpg","thumbnail_width":1400,"thumbnail_height":933,"description":"Le long de l&rsquo;ancienne voie ferr\u00e9e Saint Georges (qui reliait Champigneulles \u00e0 Houdemont ), au milieu des herbes folles&#8230;comme un petit air de campagne sauvage au milieu de la Cit\u00e9. Une balade, un lundi apr\u00e8s-midi ensoleill\u00e9 &#8211; avec ma maman &#8211; avant que cette friche de 3.4 hectares (3,5 fois la Place Stanislas), inscrite dans le patrimoine industriel de Nancy ne devienne un quartier \u00ab\u00a0\u00e9cologique et solidaire\u00a0\u00bb\u00a0d&rsquo;ici 2030 et\/ou disparaisse compl\u00e9tement sous le bitume et le b\u00e9ton&#8230;\u00a0 :\/ L&rsquo;actuel maire, [&hellip;]"}