{"version":"1.0","provider_name":"R\u00e9gine Datin Photographie","provider_url":"https:\/\/reginedatin.com","author_name":"R\u00e9gine","author_url":"https:\/\/reginedatin.com\/index.php\/author\/admin7448\/","title":"Villa Majorelle, int\u00e9rieur 2022 &#171; R\u00e9gine Datin Photographie","type":"rich","width":600,"height":338,"html":"<blockquote class=\"wp-embedded-content\" data-secret=\"m80uDR6Fco\"><a href=\"https:\/\/reginedatin.com\/index.php\/2022\/03\/26\/villa-majorelle-interieur-2022\/\">Villa Majorelle, int\u00e9rieur 2022<\/a><\/blockquote><iframe sandbox=\"allow-scripts\" security=\"restricted\" src=\"https:\/\/reginedatin.com\/index.php\/2022\/03\/26\/villa-majorelle-interieur-2022\/embed\/#?secret=m80uDR6Fco\" width=\"600\" height=\"338\" title=\"\u00ab\u00a0Villa Majorelle, int\u00e9rieur 2022\u00a0\u00bb &#8212; R\u00e9gine Datin Photographie\" data-secret=\"m80uDR6Fco\" frameborder=\"0\" marginwidth=\"0\" marginheight=\"0\" scrolling=\"no\" class=\"wp-embedded-content\"><\/iframe><script type=\"text\/javascript\">\n\/* <![CDATA[ *\/\n\/*! This file is auto-generated *\/\n!function(d,l){\"use strict\";l.querySelector&&d.addEventListener&&\"undefined\"!=typeof URL&&(d.wp=d.wp||{},d.wp.receiveEmbedMessage||(d.wp.receiveEmbedMessage=function(e){var t=e.data;if((t||t.secret||t.message||t.value)&&!\/[^a-zA-Z0-9]\/.test(t.secret)){for(var s,r,n,a=l.querySelectorAll('iframe[data-secret=\"'+t.secret+'\"]'),o=l.querySelectorAll('blockquote[data-secret=\"'+t.secret+'\"]'),c=new RegExp(\"^https?:$\",\"i\"),i=0;i<o.length;i++)o[i].style.display=\"none\";for(i=0;i<a.length;i++)s=a[i],e.source===s.contentWindow&&(s.removeAttribute(\"style\"),\"height\"===t.message?(1e3<(r=parseInt(t.value,10))?r=1e3:~~r<200&&(r=200),s.height=r):\"link\"===t.message&&(r=new URL(s.getAttribute(\"src\")),n=new URL(t.value),c.test(n.protocol))&&n.host===r.host&&l.activeElement===s&&(d.top.location.href=t.value))}},d.addEventListener(\"message\",d.wp.receiveEmbedMessage,!1),l.addEventListener(\"DOMContentLoaded\",function(){for(var e,t,s=l.querySelectorAll(\"iframe.wp-embedded-content\"),r=0;r<s.length;r++)(t=(e=s[r]).getAttribute(\"data-secret\"))||(t=Math.random().toString(36).substring(2,12),e.src+=\"#?secret=\"+t,e.setAttribute(\"data-secret\",t)),e.contentWindow.postMessage({message:\"ready\",secret:t},\"*\")},!1)))}(window,document);\n\/\/# sourceURL=https:\/\/reginedatin.com\/wp-includes\/js\/wp-embed.min.js\n\/* ]]> *\/\n<\/script>\n","thumbnail_url":"https:\/\/reginedatin.com\/wp-content\/uploads\/2022\/03\/Villa-Majorelle-Cage-Escaliers-Lustre-Majorelle-Gruber-Daum-TR08-1400PX-2474.jpg","thumbnail_width":1399,"thumbnail_height":934,"description":"Bienvenue chez Jane et Louis Majorelle Ils vous accueillent, enfin,\u00a0 apr\u00e8s une reconstitution fid\u00e8le des d\u00e9cors d\u2019origine dans leur c\u00e9l\u00e8bre maison \u00e9difi\u00e9e en 1901\/1902. La Villa Majorelle, jumel\u00e9e au Mus\u00e9e de l&rsquo;Ecole de Nancy, a r\u00e9ouvert ses portes, partiellement, au public mi f\u00e9vrier 2020, apr\u00e8s environ deux ann\u00e9es de travaux\u00a0 de restauration int\u00e9rieure. Je vous propose une rapide d\u00e9couverte des lieux en vid\u00e9o, histoire de vous donner une id\u00e9e&#8230; une envie, peut-\u00eatre, aussi d&rsquo;aller visiter ce superbe lieu, embl\u00e8me de [&hellip;]"}